{"id":44,"date":"2024-12-01T14:16:12","date_gmt":"2024-12-01T13:16:12","guid":{"rendered":"https:\/\/preprod-ctpro.agence-solaris.fr\/?page_id=44"},"modified":"2025-03-04T14:14:20","modified_gmt":"2025-03-04T13:14:20","slug":"a-propos","status":"publish","type":"page","link":"https:\/\/preprod-ctpro.agence-solaris.fr\/index.php\/a-propos\/","title":{"rendered":"\u00c0 propos"},"content":{"rendered":"\t\t<div data-elementor-type=\"wp-page\" data-elementor-id=\"44\" class=\"elementor elementor-44\" data-elementor-post-type=\"page\">\n\t\t\t\t<div class=\"elementor-element elementor-element-48165303 e-con-full e-flex e-con e-parent\" data-id=\"48165303\" data-element_type=\"container\">\n\t\t<div class=\"elementor-element elementor-element-67d0ef9d e-con-full e-flex e-con e-child\" data-id=\"67d0ef9d\" data-element_type=\"container\" data-settings=\"{&quot;background_background&quot;:&quot;classic&quot;}\">\n\t\t\t\t<div class=\"elementor-element elementor-element-558539c2 elementor-invisible elementor-widget elementor-widget-heading\" data-id=\"558539c2\" data-element_type=\"widget\" data-settings=\"{&quot;_animation&quot;:&quot;fadeInUp&quot;}\" data-widget_type=\"heading.default\">\n\t\t\t\t<div class=\"elementor-widget-container\">\n\t\t\t\t\t<h1 class=\"elementor-heading-title elementor-size-default\">Notre histoire<\/h1>\t\t\t\t<\/div>\n\t\t\t\t<\/div>\n\t\t\t\t<\/div>\n\t\t\t\t<\/div>\n\t\t<div class=\"elementor-element elementor-element-2e2ac1bf e-flex e-con-boxed e-con e-parent\" data-id=\"2e2ac1bf\" data-element_type=\"container\">\n\t\t\t\t\t<div class=\"e-con-inner\">\n\t\t<div class=\"elementor-element elementor-element-68cd3007 e-con-full e-flex e-con e-child\" data-id=\"68cd3007\" data-element_type=\"container\">\n\t\t\t\t<div class=\"elementor-element elementor-element-27a2be8f elementor-invisible elementor-widget elementor-widget-text-editor\" data-id=\"27a2be8f\" data-element_type=\"widget\" data-settings=\"{&quot;_animation&quot;:&quot;fadeInUp&quot;}\" data-widget_type=\"text-editor.default\">\n\t\t\t\t<div class=\"elementor-widget-container\">\n\t\t\t\t\t\t\t\t\t<p class=\"m_6088457518812379827cvgsua\"><span class=\"m_6088457518812379827oypena\">Cr\u00e9\u00e9 en 1976, la soci\u00e9t\u00e9 Coop\u00e9rative d\u2019int\u00e9r\u00eat collectif d\u2019HLM de la Corr\u00e8ze est la seule coop\u00e9rative HLM de la Corr\u00e8ze. Elle est l\u2019h\u00e9riti\u00e8re de la SACLAC, soci\u00e9t\u00e9 pionni\u00e8re de la location accession et qui a men\u00e9 une activit\u00e9 intense de construction \u00e0 Ussel. S\u2019est transform\u00e9e en 2006 en SCIC pour int\u00e9grer \u00e0 sa gouvernance les repr\u00e9sentants des collectivit\u00e9s territoriales.<\/span><u><\/u><u><\/u><\/p><p class=\"m_6088457518812379827cvgsua\"><span class=\"m_6088457518812379827oypena\">La COPROD exerce une activit\u00e9 de production et de gestion locative de logements sociaux sur les d\u00e9partements de la Corr\u00e8ze et de la Creuse. Son si\u00e8ge social est situ\u00e9 \u00e0 Ussel.<\/span><\/p>\t\t\t\t\t\t\t\t<\/div>\n\t\t\t\t<\/div>\n\t\t\t\t<div class=\"elementor-element elementor-element-0411a24 elementor-widget-divider--view-line elementor-widget elementor-widget-divider\" data-id=\"0411a24\" data-element_type=\"widget\" data-widget_type=\"divider.default\">\n\t\t\t\t<div class=\"elementor-widget-container\">\n\t\t\t\t\t\t\t<div class=\"elementor-divider\">\n\t\t\t<span class=\"elementor-divider-separator\">\n\t\t\t\t\t\t<\/span>\n\t\t<\/div>\n\t\t\t\t\t\t<\/div>\n\t\t\t\t<\/div>\n\t\t\t\t<\/div>\n\t\t\t\t\t<\/div>\n\t\t\t\t<\/div>\n\t\t<div class=\"elementor-element elementor-element-6b5df5e8 e-flex e-con-boxed e-con e-parent\" data-id=\"6b5df5e8\" data-element_type=\"container\">\n\t\t\t\t\t<div class=\"e-con-inner\">\n\t\t<div class=\"elementor-element elementor-element-900954c e-con-full e-flex elementor-invisible e-con e-child\" data-id=\"900954c\" data-element_type=\"container\" data-settings=\"{&quot;animation&quot;:&quot;fadeInUp&quot;}\">\n\t\t\t\t<div class=\"elementor-element elementor-element-0379fd0 elementor-widget elementor-widget-heading\" data-id=\"0379fd0\" data-element_type=\"widget\" data-widget_type=\"heading.default\">\n\t\t\t\t<div class=\"elementor-widget-container\">\n\t\t\t\t\t<h3 class=\"elementor-heading-title elementor-size-default\">Cr\u00e9ation en 1976<\/h3>\t\t\t\t<\/div>\n\t\t\t\t<\/div>\n\t\t\t\t<div class=\"elementor-element elementor-element-7036488 elementor-widget elementor-widget-text-editor\" data-id=\"7036488\" data-element_type=\"widget\" data-widget_type=\"text-editor.default\">\n\t\t\t\t<div class=\"elementor-widget-container\">\n\t\t\t\t\t\t\t\t\t<p class=\"m_6088457518812379827cvgsua\"><span class=\"m_6088457518812379827oypena\">Cr\u00e9\u00e9 en 1976, la soci\u00e9t\u00e9 Coop\u00e9rative d\u2019int\u00e9r\u00eat collectif d\u2019HLM de la Corr\u00e8ze est la seule coop\u00e9rative HLM de la Corr\u00e8ze. Elle est l\u2019h\u00e9riti\u00e8re de la SACLAC, soci\u00e9t\u00e9 pionni\u00e8re de la location accession et qui a men\u00e9 une activit\u00e9 intense de construction \u00e0 Ussel. S\u2019est transform\u00e9e en 2006 en SCIC pour int\u00e9grer \u00e0 sa gouvernance les repr\u00e9sentants des collectivit\u00e9s territoriales.<\/span><u><\/u><u><\/u><\/p><p class=\"m_6088457518812379827cvgsua\"><span class=\"m_6088457518812379827oypena\">La COPROD exerce une activit\u00e9 de production et de gestion locative de logements sociaux sur les d\u00e9partements de la Corr\u00e8ze et de la Creuse. Son si\u00e8ge social est situ\u00e9 \u00e0 Ussel.<\/span><\/p>\t\t\t\t\t\t\t\t<\/div>\n\t\t\t\t<\/div>\n\t\t\t\t<\/div>\n\t\t<div class=\"elementor-element elementor-element-62e70d6 e-con-full e-flex elementor-invisible e-con e-child\" data-id=\"62e70d6\" data-element_type=\"container\" data-settings=\"{&quot;animation&quot;:&quot;fadeInUp&quot;}\">\n\t\t\t\t<div class=\"elementor-element elementor-element-c1ecc80 elementor-widget elementor-widget-heading\" data-id=\"c1ecc80\" data-element_type=\"widget\" data-widget_type=\"heading.default\">\n\t\t\t\t<div class=\"elementor-widget-container\">\n\t\t\t\t\t<h3 class=\"elementor-heading-title elementor-size-default\">Patrimoine &amp; services<\/h3>\t\t\t\t<\/div>\n\t\t\t\t<\/div>\n\t\t\t\t<div class=\"elementor-element elementor-element-6533318 elementor-widget elementor-widget-text-editor\" data-id=\"6533318\" data-element_type=\"widget\" data-widget_type=\"text-editor.default\">\n\t\t\t\t<div class=\"elementor-widget-container\">\n\t\t\t\t\t\t\t\t\t<p class=\"m_6088457518812379827cvgsua\"><span class=\"m_6088457518812379827oypena\">La COPROD est une coop\u00e9rative qui poss\u00e8de 812 logements situ\u00e9s en Corr\u00e8ze et en Creuse, et pr\u00e9sente sur 73 communes.<u><\/u><u><\/u><\/span><\/p><p class=\"m_6088457518812379827cvgsua\"><span class=\"m_6088457518812379827oypena\">Compos\u00e9 \u00e0 plus de 90% de pavillons, son parc de logements, r\u00e9cent, est principalement orient\u00e9 vers l\u2019accueil des familles.<\/span><\/p>\t\t\t\t\t\t\t\t<\/div>\n\t\t\t\t<\/div>\n\t\t\t\t<\/div>\n\t\t<div class=\"elementor-element elementor-element-ab77a25 e-con-full e-flex elementor-invisible e-con e-child\" data-id=\"ab77a25\" data-element_type=\"container\" data-settings=\"{&quot;animation&quot;:&quot;fadeInUp&quot;}\">\n\t\t\t\t<div class=\"elementor-element elementor-element-b306d93 elementor-widget elementor-widget-heading\" data-id=\"b306d93\" data-element_type=\"widget\" data-widget_type=\"heading.default\">\n\t\t\t\t<div class=\"elementor-widget-container\">\n\t\t\t\t\t<h3 class=\"elementor-heading-title elementor-size-default\">Gouvernance<\/h3>\t\t\t\t<\/div>\n\t\t\t\t<\/div>\n\t\t\t\t<div class=\"elementor-element elementor-element-ec242be elementor-widget elementor-widget-text-editor\" data-id=\"ec242be\" data-element_type=\"widget\" data-widget_type=\"text-editor.default\">\n\t\t\t\t<div class=\"elementor-widget-container\">\n\t\t\t\t\t\t\t\t\t<p>COPROD est une filiale de la SA d\u2019HLM DOMOFRANCE elle-m\u00eame filiale du Groupe ACTION LOGEMENT.<\/p>\t\t\t\t\t\t\t\t<\/div>\n\t\t\t\t<\/div>\n\t\t<div class=\"elementor-element elementor-element-7dccb71 e-con-full e-flex e-con e-child\" data-id=\"7dccb71\" data-element_type=\"container\">\n\t\t\t\t<div class=\"elementor-element elementor-element-c24b03a elementor-widget elementor-widget-image\" data-id=\"c24b03a\" data-element_type=\"widget\" data-widget_type=\"image.default\">\n\t\t\t\t<div class=\"elementor-widget-container\">\n\t\t\t\t\t\t\t\t\t\t\t\t\t\t\t\t<a href=\"https:\/\/www.domofrance.fr\/\">\n\t\t\t\t\t\t\t<img fetchpriority=\"high\" decoding=\"async\" width=\"640\" height=\"209\" src=\"https:\/\/preprod-ctpro.agence-solaris.fr\/wp-content\/uploads\/2024\/12\/domofrance-logo_coprod.jpg\" class=\"attachment-large size-large wp-image-102\" alt=\"\" srcset=\"https:\/\/preprod-ctpro.agence-solaris.fr\/wp-content\/uploads\/2024\/12\/domofrance-logo_coprod.jpg 640w, https:\/\/preprod-ctpro.agence-solaris.fr\/wp-content\/uploads\/2024\/12\/domofrance-logo_coprod-300x98.jpg 300w\" sizes=\"(max-width: 640px) 100vw, 640px\" \/>\t\t\t\t\t\t\t\t<\/a>\n\t\t\t\t\t\t\t\t\t\t\t\t\t\t\t<\/div>\n\t\t\t\t<\/div>\n\t\t\t\t<div class=\"elementor-element elementor-element-1d1160b elementor-widget elementor-widget-image\" data-id=\"1d1160b\" data-element_type=\"widget\" data-widget_type=\"image.default\">\n\t\t\t\t<div class=\"elementor-widget-container\">\n\t\t\t\t\t\t\t\t\t\t\t\t\t\t\t\t<a href=\"https:\/\/www.actionlogement.fr\/\">\n\t\t\t\t\t\t\t<img decoding=\"async\" width=\"800\" height=\"195\" src=\"https:\/\/preprod-ctpro.agence-solaris.fr\/wp-content\/uploads\/2025\/02\/logo-al_rvb-01-1024x249-1.jpg\" class=\"attachment-large size-large wp-image-514\" alt=\"\" srcset=\"https:\/\/preprod-ctpro.agence-solaris.fr\/wp-content\/uploads\/2025\/02\/logo-al_rvb-01-1024x249-1.jpg 1024w, https:\/\/preprod-ctpro.agence-solaris.fr\/wp-content\/uploads\/2025\/02\/logo-al_rvb-01-1024x249-1-300x73.jpg 300w, https:\/\/preprod-ctpro.agence-solaris.fr\/wp-content\/uploads\/2025\/02\/logo-al_rvb-01-1024x249-1-768x187.jpg 768w\" sizes=\"(max-width: 800px) 100vw, 800px\" \/>\t\t\t\t\t\t\t\t<\/a>\n\t\t\t\t\t\t\t\t\t\t\t\t\t\t\t<\/div>\n\t\t\t\t<\/div>\n\t\t\t\t<\/div>\n\t\t\t\t<div class=\"elementor-element elementor-element-3b62e64 elementor-widget elementor-widget-text-editor\" data-id=\"3b62e64\" data-element_type=\"widget\" data-widget_type=\"text-editor.default\">\n\t\t\t\t<div class=\"elementor-widget-container\">\n\t\t\t\t\t\t\t\t\t<p>Depuis 2021, COPROD, l\u2019OPH Corr\u00e8ze Habitat et Domofrance ont unis leurs forces au travers de la cr\u00e9ation d\u2019une SAC (Soci\u00e9t\u00e9 Anonyme de Coordination) d\u00e9nomm\u00e9e <a href=\"https:\/\/www.action-et-territoire.fr\/\">Action et Territoire<\/a>, sous l\u2019impulsion du Conseil d\u00e9partemental de la Corr\u00e8ze.<\/p>\t\t\t\t\t\t\t\t<\/div>\n\t\t\t\t<\/div>\n\t\t\t\t<div class=\"elementor-element elementor-element-78048d6 elementor-widget elementor-widget-image\" data-id=\"78048d6\" data-element_type=\"widget\" data-widget_type=\"image.default\">\n\t\t\t\t<div class=\"elementor-widget-container\">\n\t\t\t\t\t\t\t\t\t\t\t\t\t\t\t\t<a href=\"https:\/\/www.action-et-territoire.fr\/\" target=\"_blank\">\n\t\t\t\t\t\t\t<img decoding=\"async\" width=\"220\" height=\"56\" src=\"https:\/\/preprod-ctpro.agence-solaris.fr\/wp-content\/uploads\/2025\/02\/logo_action_territoire.webp\" class=\"attachment-large size-large wp-image-410\" alt=\"\" \/>\t\t\t\t\t\t\t\t<\/a>\n\t\t\t\t\t\t\t\t\t\t\t\t\t\t\t<\/div>\n\t\t\t\t<\/div>\n\t\t\t\t<\/div>\n\t\t\t\t\t<\/div>\n\t\t\t\t<\/div>\n\t\t<div class=\"elementor-element elementor-element-2a26813 e-con-full e-flex e-con e-parent\" data-id=\"2a26813\" data-element_type=\"container\">\n\t\t\t\t<div class=\"elementor-element elementor-element-5c87176 elementor-invisible elementor-widget elementor-widget-image\" data-id=\"5c87176\" data-element_type=\"widget\" data-settings=\"{&quot;_animation&quot;:&quot;fadeInUp&quot;}\" data-widget_type=\"image.default\">\n\t\t\t\t<div class=\"elementor-widget-container\">\n\t\t\t\t\t\t\t\t\t\t\t\t\t\t\t<img loading=\"lazy\" decoding=\"async\" width=\"800\" height=\"591\" src=\"https:\/\/preprod-ctpro.agence-solaris.fr\/wp-content\/uploads\/2025\/02\/carte-corrze_creuse-1024x757.png\" class=\"attachment-large size-large wp-image-499\" alt=\"\" srcset=\"https:\/\/preprod-ctpro.agence-solaris.fr\/wp-content\/uploads\/2025\/02\/carte-corrze_creuse-1024x757.png 1024w, https:\/\/preprod-ctpro.agence-solaris.fr\/wp-content\/uploads\/2025\/02\/carte-corrze_creuse-300x222.png 300w, https:\/\/preprod-ctpro.agence-solaris.fr\/wp-content\/uploads\/2025\/02\/carte-corrze_creuse-768x568.png 768w, https:\/\/preprod-ctpro.agence-solaris.fr\/wp-content\/uploads\/2025\/02\/carte-corrze_creuse-1536x1135.png 1536w, https:\/\/preprod-ctpro.agence-solaris.fr\/wp-content\/uploads\/2025\/02\/carte-corrze_creuse-2048x1514.png 2048w\" sizes=\"(max-width: 800px) 100vw, 800px\" \/>\t\t\t\t\t\t\t\t\t\t\t\t\t\t\t<\/div>\n\t\t\t\t<\/div>\n\t\t\t\t<\/div>\n\t\t\t\t<\/div>\n\t\t","protected":false},"excerpt":{"rendered":"<p>Notre histoire Cr\u00e9\u00e9 en 1976, la soci\u00e9t\u00e9 Coop\u00e9rative d\u2019int\u00e9r\u00eat collectif d\u2019HLM de la Corr\u00e8ze est la seule coop\u00e9rative HLM de la Corr\u00e8ze. Elle est l\u2019h\u00e9riti\u00e8re de la SACLAC, soci\u00e9t\u00e9 pionni\u00e8re de la location accession et qui a men\u00e9 une activit\u00e9 intense de construction \u00e0 Ussel. S\u2019est transform\u00e9e en 2006 en SCIC pour int\u00e9grer \u00e0 sa [&hellip;]<\/p>\n","protected":false},"author":1,"featured_media":0,"parent":0,"menu_order":0,"comment_status":"closed","ping_status":"closed","template":"elementor_header_footer","meta":{"footnotes":""},"class_list":["post-44","page","type-page","status-publish","hentry"],"_links":{"self":[{"href":"https:\/\/preprod-ctpro.agence-solaris.fr\/index.php\/wp-json\/wp\/v2\/pages\/44","targetHints":{"allow":["GET"]}}],"collection":[{"href":"https:\/\/preprod-ctpro.agence-solaris.fr\/index.php\/wp-json\/wp\/v2\/pages"}],"about":[{"href":"https:\/\/preprod-ctpro.agence-solaris.fr\/index.php\/wp-json\/wp\/v2\/types\/page"}],"author":[{"embeddable":true,"href":"https:\/\/preprod-ctpro.agence-solaris.fr\/index.php\/wp-json\/wp\/v2\/users\/1"}],"replies":[{"embeddable":true,"href":"https:\/\/preprod-ctpro.agence-solaris.fr\/index.php\/wp-json\/wp\/v2\/comments?post=44"}],"version-history":[{"count":40,"href":"https:\/\/preprod-ctpro.agence-solaris.fr\/index.php\/wp-json\/wp\/v2\/pages\/44\/revisions"}],"predecessor-version":[{"id":555,"href":"https:\/\/preprod-ctpro.agence-solaris.fr\/index.php\/wp-json\/wp\/v2\/pages\/44\/revisions\/555"}],"wp:attachment":[{"href":"https:\/\/preprod-ctpro.agence-solaris.fr\/index.php\/wp-json\/wp\/v2\/media?parent=44"}],"curies":[{"name":"wp","href":"https:\/\/api.w.org\/{rel}","templated":true}]}}